{"id":2143,"date":"2024-11-19T07:09:12","date_gmt":"2024-11-19T06:09:12","guid":{"rendered":"http:\/\/cavagiro.com\/?page_id=2143"},"modified":"2025-06-06T07:59:20","modified_gmt":"2025-06-06T06:59:20","slug":"kenne-giro-giro","status":"publish","type":"page","link":"https:\/\/cavagiro.com\/de\/coneix-giro-giro\/","title":{"rendered":"Treffen Sie Jaume Gir\u00f3 und Gir\u00f3"},"content":{"rendered":"<div data-elementor-type=\"wp-page\" data-elementor-id=\"2143\" class=\"elementor elementor-2143\" data-elementor-post-type=\"page\">\n\t\t\t\t<div class=\"elementor-element elementor-element-xczjgns e-flex e-con-boxed e-con e-parent\" data-id=\"xczjgns\" data-element_type=\"container\" data-e-type=\"container\" data-settings=\"{&quot;background_background&quot;:&quot;video&quot;,&quot;background_video_link&quot;:&quot;http:\\\/\\\/cavagiro.com\\\/wp-content\\\/uploads\\\/2024\\\/11\\\/Giro-Giro-video.mp4&quot;,&quot;background_play_on_mobile&quot;:&quot;yes&quot;,&quot;jet_parallax_layout_list&quot;:[]}\">\n\t\t\t\t\t<div class=\"e-con-inner\">\n\t\t<div class=\"elementor-background-video-container\">\n\t\t\t\t\t\t\t<video class=\"elementor-background-video-hosted\" role=\"presentation\" autoplay muted playsinline loop><\/video>\n\t\t\t\t\t<\/div><div class=\"elementor-element elementor-element-18662bb e-con-full e-flex e-con e-child\" data-id=\"18662bb\" data-element_type=\"container\" data-e-type=\"container\" data-settings=\"{&quot;jet_parallax_layout_list&quot;:[]}\">\n\t\t\t\t<div class=\"elementor-element elementor-element-55e6c64 elementor-widget elementor-widget-heading\" data-id=\"55e6c64\" data-element_type=\"widget\" data-e-type=\"widget\" data-widget_type=\"heading.default\">\n\t\t\t\t<div class=\"elementor-widget-container\">\n\t\t\t\t\t<h5 class=\"elementor-heading-title elementor-size-default\">Mehr als 100 Jahre Geschichte\n<\/h5>\t\t\t\t<\/div>\n\t\t\t\t<\/div>\n\t\t\t\t<div class=\"elementor-element elementor-element-0964548 elementor-invisible elementor-widget elementor-widget-heading\" data-id=\"0964548\" data-element_type=\"widget\" data-e-type=\"widget\" data-settings=\"{&quot;_animation&quot;:&quot;fadeInUp&quot;}\" data-widget_type=\"heading.default\">\n\t\t\t\t<div class=\"elementor-widget-container\">\n\t\t\t\t\t<h1 class=\"elementor-heading-title elementor-size-default\">Tradition, Engagement und Exzellenz\n<\/h1>\t\t\t\t<\/div>\n\t\t\t\t<\/div>\n\t\t<div class=\"elementor-element elementor-element-99219b8 e-con-full e-flex e-con e-child\" data-id=\"99219b8\" data-element_type=\"container\" data-e-type=\"container\" data-settings=\"{&quot;jet_parallax_layout_list&quot;:[]}\">\n\t\t<div class=\"elementor-element elementor-element-3b170d5 e-con-full e-flex e-con e-child\" data-id=\"3b170d5\" data-element_type=\"container\" data-e-type=\"container\" data-settings=\"{&quot;jet_parallax_layout_list&quot;:[]}\">\n\t\t\t\t<div class=\"elementor-element elementor-element-3402792 elementor-invisible elementor-widget elementor-widget-text-editor\" data-id=\"3402792\" data-element_type=\"widget\" data-e-type=\"widget\" data-settings=\"{&quot;_animation&quot;:&quot;fadeInLeft&quot;,&quot;_animation_delay&quot;:250}\" data-widget_type=\"text-editor.default\">\n\t\t\t\t<div class=\"elementor-widget-container\">\n\t\t\t\t\t\t\t\t\t<p>Die in Tradition und Engagement verwurzelten Jaume Gir\u00f3 und Gir\u00f3-Cava sind Erben einer Geschichte, die bis in die Mitte des 19. Jahrhunderts zur\u00fcckreicht. Der Weinkeller wurden 1926 offiziell von Ramon Gir\u00f3 und Mata im Herzen von Sant Sadurn\u00ed d'Anoia gegr\u00fcndet und spiegeln ein einzigartiges Erbe mit einer handwerklichen Philosophie wider, die auf Qualit\u00e4t und Nachhaltigkeit basiert.<\/p>\t\t\t\t\t\t\t\t<\/div>\n\t\t\t\t<\/div>\n\t\t\t\t<\/div>\n\t\t<div class=\"elementor-element elementor-element-978eb73 e-con-full e-flex e-con e-child\" data-id=\"978eb73\" data-element_type=\"container\" data-e-type=\"container\" data-settings=\"{&quot;jet_parallax_layout_list&quot;:[]}\">\n\t\t\t\t<div class=\"elementor-element elementor-element-e5850c8 elementor-invisible elementor-widget elementor-widget-text-editor\" data-id=\"e5850c8\" data-element_type=\"widget\" data-e-type=\"widget\" data-settings=\"{&quot;_animation&quot;:&quot;fadeInLeft&quot;,&quot;_animation_delay&quot;:250}\" data-widget_type=\"text-editor.default\">\n\t\t\t\t<div class=\"elementor-widget-container\">\n\t\t\t\t\t\t\t\t\t<p>Mit einem Erbe, das Leidenschaft und Exzellenz vereint, sind wir zu einem Ma\u00dfstab in der Welt des Cava geworden. Unsere Produkte entstehen aus einer sorgf\u00e4ltigen Pflege des Landes und werden in einem handwerklichen Verfahren hergestellt, das die Umwelt respektiert und die Essenz des Pened\u00e8s hervorhebt. Jede Flasche ist ein lebendiges Beispiel unserer Hingabe und Liebe zum Wein.<\/p>\t\t\t\t\t\t\t\t<\/div>\n\t\t\t\t<\/div>\n\t\t\t\t<\/div>\n\t\t\t\t<\/div>\n\t\t\t\t<\/div>\n\t\t\t\t\t<\/div>\n\t\t\t\t<\/div>\n\t\t\t\t<section class=\"elementor-section elementor-top-section elementor-element elementor-element-d9ibbmp elementor-section-boxed elementor-section-height-default elementor-section-height-default\" data-id=\"d9ibbmp\" data-element_type=\"section\" data-e-type=\"section\" data-settings=\"{&quot;background_background&quot;:&quot;classic&quot;,&quot;jet_parallax_layout_list&quot;:[]}\">\n\t\t\t\t\t\t\t<div class=\"elementor-background-overlay\"><\/div>\n\t\t\t\t\t\t\t<div class=\"elementor-container elementor-column-gap-no\">\n\t\t\t\t\t<div class=\"elementor-column elementor-col-100 elementor-top-column elementor-element elementor-element-7d39467\" data-id=\"7d39467\" data-element_type=\"column\" data-e-type=\"column\">\n\t\t\t<div class=\"elementor-widget-wrap elementor-element-populated\">\n\t\t\t\t\t\t<section class=\"elementor-section elementor-inner-section elementor-element elementor-element-74269ff elementor-section-boxed elementor-section-height-default elementor-section-height-default\" data-id=\"74269ff\" data-element_type=\"section\" data-e-type=\"section\" data-settings=\"{&quot;jet_parallax_layout_list&quot;:[]}\">\n\t\t\t\t\t\t<div class=\"elementor-container elementor-column-gap-no\">\n\t\t\t\t\t<div class=\"elementor-column elementor-col-50 elementor-inner-column elementor-element elementor-element-e4f0e0c elementor-invisible\" data-id=\"e4f0e0c\" data-element_type=\"column\" data-e-type=\"column\" data-settings=\"{&quot;animation&quot;:&quot;fadeInLeft&quot;}\">\n\t\t\t<div class=\"elementor-widget-wrap elementor-element-populated\">\n\t\t\t\t<div class=\"elementor-element elementor-element-b8794f8 e-flex e-con-boxed e-con e-parent\" data-id=\"b8794f8\" data-element_type=\"container\" data-e-type=\"container\" data-settings=\"{&quot;background_background&quot;:&quot;classic&quot;,&quot;jet_parallax_layout_list&quot;:[]}\">\n\t\t\t\t\t<div class=\"e-con-inner\">\n\t\t\t\t<div class=\"elementor-element elementor-element-7af51d2 elementor-widget elementor-widget-heading\" data-id=\"7af51d2\" data-element_type=\"widget\" data-e-type=\"widget\" data-widget_type=\"heading.default\">\n\t\t\t\t<div class=\"elementor-widget-container\">\n\t\t\t\t\t<h3 class=\"elementor-heading-title elementor-size-default\">Das Herzst\u00fcck unserer Geschichte\n<\/h3>\t\t\t\t<\/div>\n\t\t\t\t<\/div>\n\t\t\t\t<div class=\"elementor-element elementor-element-6c0e42e elementor-widget-divider--view-line elementor-widget elementor-widget-divider\" data-id=\"6c0e42e\" data-element_type=\"widget\" data-e-type=\"widget\" data-widget_type=\"divider.default\">\n\t\t\t\t<div class=\"elementor-widget-container\">\n\t\t\t\t\t\t\t<div class=\"elementor-divider\">\n\t\t\t<span class=\"elementor-divider-separator\">\n\t\t\t\t\t\t<\/span>\n\t\t<\/div>\n\t\t\t\t\t\t<\/div>\n\t\t\t\t<\/div>\n\t\t\t\t<div class=\"elementor-element elementor-element-fafa5c1 elementor-widget elementor-widget-text-editor\" data-id=\"fafa5c1\" data-element_type=\"widget\" data-e-type=\"widget\" data-widget_type=\"text-editor.default\">\n\t\t\t\t<div class=\"elementor-widget-container\">\n\t\t\t\t\t\t\t\t\t<p>Unsere Keller mit ihren glasgefliesten Weintanks und verglasten Steinkellern sind ein architektonischer W\u00e4nden und kultureller. Heute finden in diesen modernistischen Einrichtungen Kunstausstellungen statt und sie sind der Ort, an dem unsere exklusivsten Cavas auch entstehen, getreu der traditionellen Methode.<\/p>\t\t\t\t\t\t\t\t<\/div>\n\t\t\t\t<\/div>\n\t\t\t\t\t<\/div>\n\t\t\t\t<\/div>\n\t\t<div class=\"elementor-element elementor-element-044bce9 e-flex e-con-boxed e-con e-parent\" data-id=\"044bce9\" data-element_type=\"container\" data-e-type=\"container\" data-settings=\"{&quot;background_background&quot;:&quot;classic&quot;,&quot;jet_parallax_layout_list&quot;:[]}\">\n\t\t\t\t\t<div class=\"e-con-inner\">\n\t\t\t\t<div class=\"elementor-element elementor-element-dcf7b9b elementor-widget elementor-widget-heading\" data-id=\"dcf7b9b\" data-element_type=\"widget\" data-e-type=\"widget\" data-widget_type=\"heading.default\">\n\t\t\t\t<div class=\"elementor-widget-container\">\n\t\t\t\t\t<h3 class=\"elementor-heading-title elementor-size-default\">Der Nachhaltigkeit verpflichtet\n<\/h3>\t\t\t\t<\/div>\n\t\t\t\t<\/div>\n\t\t\t\t<div class=\"elementor-element elementor-element-17a52f9 elementor-widget-divider--view-line elementor-widget elementor-widget-divider\" data-id=\"17a52f9\" data-element_type=\"widget\" data-e-type=\"widget\" data-widget_type=\"divider.default\">\n\t\t\t\t<div class=\"elementor-widget-container\">\n\t\t\t\t\t\t\t<div class=\"elementor-divider\">\n\t\t\t<span class=\"elementor-divider-separator\">\n\t\t\t\t\t\t<\/span>\n\t\t<\/div>\n\t\t\t\t\t\t<\/div>\n\t\t\t\t<\/div>\n\t\t\t\t<div class=\"elementor-element elementor-element-a761ccd elementor-widget elementor-widget-text-editor\" data-id=\"a761ccd\" data-element_type=\"widget\" data-e-type=\"widget\" data-widget_type=\"text-editor.default\">\n\t\t\t\t<div class=\"elementor-widget-container\">\n\t\t\t\t\t\t\t\t\t<p>Der Respekt f\u00fcr die Erde ist unsere Priorit\u00e4t. Mit zertifizierten Bio-Weinberge in Pened\u00e8s und Priorat arbeiten wir mit gr\u00f6\u00dfter Sorgfalt daran, Produkte anzubieten, die die Umwelt respektieren und die Besonderheiten der einzelnen Lagen hervorheben.<\/p>\t\t\t\t\t\t\t\t<\/div>\n\t\t\t\t<\/div>\n\t\t\t\t\t<\/div>\n\t\t\t\t<\/div>\n\t\t\t\t\t<\/div>\n\t\t<\/div>\n\t\t\t\t<div class=\"elementor-column elementor-col-50 elementor-inner-column elementor-element elementor-element-9d00c5d elementor-invisible\" data-id=\"9d00c5d\" data-element_type=\"column\" data-e-type=\"column\" data-settings=\"{&quot;animation&quot;:&quot;fadeInRight&quot;}\">\n\t\t\t<div class=\"elementor-widget-wrap elementor-element-populated\">\n\t\t\t\t<div class=\"elementor-element elementor-element-0ffba8d e-flex e-con-boxed e-con e-parent\" data-id=\"0ffba8d\" data-element_type=\"container\" data-e-type=\"container\" data-settings=\"{&quot;background_background&quot;:&quot;classic&quot;,&quot;jet_parallax_layout_list&quot;:[]}\">\n\t\t\t\t\t<div class=\"e-con-inner\">\n\t\t\t\t<div class=\"elementor-element elementor-element-e5c5c5c elementor-widget elementor-widget-heading\" data-id=\"e5c5c5c\" data-element_type=\"widget\" data-e-type=\"widget\" data-widget_type=\"heading.default\">\n\t\t\t\t<div class=\"elementor-widget-container\">\n\t\t\t\t\t<h3 class=\"elementor-heading-title elementor-size-default\">Der Prozess, der uns einzigartig macht<\/h3>\t\t\t\t<\/div>\n\t\t\t\t<\/div>\n\t\t\t\t<div class=\"elementor-element elementor-element-892506c elementor-widget-divider--view-line elementor-widget elementor-widget-divider\" data-id=\"892506c\" data-element_type=\"widget\" data-e-type=\"widget\" data-widget_type=\"divider.default\">\n\t\t\t\t<div class=\"elementor-widget-container\">\n\t\t\t\t\t\t\t<div class=\"elementor-divider\">\n\t\t\t<span class=\"elementor-divider-separator\">\n\t\t\t\t\t\t<\/span>\n\t\t<\/div>\n\t\t\t\t\t\t<\/div>\n\t\t\t\t<\/div>\n\t\t\t\t<div class=\"elementor-element elementor-element-4fa20c4 elementor-widget elementor-widget-text-editor\" data-id=\"4fa20c4\" data-element_type=\"widget\" data-e-type=\"widget\" data-widget_type=\"text-editor.default\">\n\t\t\t\t<div class=\"elementor-widget-container\">\n\t\t\t\t\t\t\t\t\t<p>Der Herstellungsprozess unserer Cavas verbindet Tradition und Innovation. Jede Flasche durchl\u00e4uft den Traditionellen- und handwerklichen Prozess, wobei die alten Methoden respektiert werden, die in jedem Durchgang Exzellenz garantieren.<\/p>\t\t\t\t\t\t\t\t<\/div>\n\t\t\t\t<\/div>\n\t\t\t\t\t<\/div>\n\t\t\t\t<\/div>\n\t\t<div class=\"elementor-element elementor-element-5b6c862 e-flex e-con-boxed e-con e-parent\" data-id=\"5b6c862\" data-element_type=\"container\" data-e-type=\"container\" data-settings=\"{&quot;background_background&quot;:&quot;classic&quot;,&quot;jet_parallax_layout_list&quot;:[]}\">\n\t\t\t\t\t<div class=\"e-con-inner\">\n\t\t\t\t<div class=\"elementor-element elementor-element-d84ea69 elementor-widget elementor-widget-heading\" data-id=\"d84ea69\" data-element_type=\"widget\" data-e-type=\"widget\" data-widget_type=\"heading.default\">\n\t\t\t\t<div class=\"elementor-widget-container\">\n\t\t\t\t\t<h3 class=\"elementor-heading-title elementor-size-default\">Tradition, Handwerkskunst und Exzellenz\n<\/h3>\t\t\t\t<\/div>\n\t\t\t\t<\/div>\n\t\t\t\t<div class=\"elementor-element elementor-element-2315714 elementor-widget-divider--view-line elementor-widget elementor-widget-divider\" data-id=\"2315714\" data-element_type=\"widget\" data-e-type=\"widget\" data-widget_type=\"divider.default\">\n\t\t\t\t<div class=\"elementor-widget-container\">\n\t\t\t\t\t\t\t<div class=\"elementor-divider\">\n\t\t\t<span class=\"elementor-divider-separator\">\n\t\t\t\t\t\t<\/span>\n\t\t<\/div>\n\t\t\t\t\t\t<\/div>\n\t\t\t\t<\/div>\n\t\t\t\t<div class=\"elementor-element elementor-element-f837ce0 elementor-widget elementor-widget-text-editor\" data-id=\"f837ce0\" data-element_type=\"widget\" data-e-type=\"widget\" data-widget_type=\"text-editor.default\">\n\t\t\t\t<div class=\"elementor-widget-container\">\n\t\t\t\t\t\t\t\t\t<p>Wir sind ein Familienunternehmen, das sich vom ersten Tag an von klaren Werten leiten l\u00e4sst: Leidenschaft f\u00fcr Wein, Respekt vor dem Erbe und Hingabe, Produkte von h\u00f6chster Qualit\u00e4t anzubieten. Wir glauben, dass jede Flasche ein Zeichen unserer Herkunft und unseres Engagements f\u00fcr die Zukunft ist.<\/p>\t\t\t\t\t\t\t\t<\/div>\n\t\t\t\t<\/div>\n\t\t\t\t\t<\/div>\n\t\t\t\t<\/div>\n\t\t\t\t\t<\/div>\n\t\t<\/div>\n\t\t\t\t\t<\/div>\n\t\t<\/section>\n\t\t\t\t\t<\/div>\n\t\t<\/div>\n\t\t\t\t\t<\/div>\n\t\t<\/section>\n\t\t<div class=\"elementor-element elementor-element-mtu6i89 e-flex e-con-boxed e-con e-parent\" data-id=\"mtu6i89\" data-element_type=\"container\" data-e-type=\"container\" data-settings=\"{&quot;background_background&quot;:&quot;classic&quot;,&quot;jet_parallax_layout_list&quot;:[]}\">\n\t\t\t\t\t<div class=\"e-con-inner\">\n\t\t<div class=\"elementor-element elementor-element-d7ad818 e-con-full e-flex e-con e-child\" data-id=\"d7ad818\" data-element_type=\"container\" data-e-type=\"container\" data-settings=\"{&quot;jet_parallax_layout_list&quot;:[]}\">\n\t\t<div class=\"elementor-element elementor-element-a8ea200 e-con-full e-flex e-con e-child\" data-id=\"a8ea200\" data-element_type=\"container\" data-e-type=\"container\" data-settings=\"{&quot;jet_parallax_layout_list&quot;:[]}\">\n\t\t<div class=\"elementor-element elementor-element-8ca493e e-con-full e-flex e-con e-child\" data-id=\"8ca493e\" data-element_type=\"container\" data-e-type=\"container\" data-settings=\"{&quot;jet_parallax_layout_list&quot;:[]}\">\n\t\t\t\t<div class=\"elementor-element elementor-element-6d92f49 elementor-widget elementor-widget-heading\" data-id=\"6d92f49\" data-element_type=\"widget\" data-e-type=\"widget\" data-widget_type=\"heading.default\">\n\t\t\t\t<div class=\"elementor-widget-container\">\n\t\t\t\t\t<h2 class=\"elementor-heading-title elementor-size-default\">Das Territorium, unsere St\u00e4rke<\/h2>\t\t\t\t<\/div>\n\t\t\t\t<\/div>\n\t\t\t\t<div class=\"elementor-element elementor-element-7d78f16 elementor-icon-list--layout-traditional elementor-list-item-link-full_width elementor-widget elementor-widget-icon-list\" data-id=\"7d78f16\" data-element_type=\"widget\" data-e-type=\"widget\" data-widget_type=\"icon-list.default\">\n\t\t\t\t<div class=\"elementor-widget-container\">\n\t\t\t\t\t\t\t<ul class=\"elementor-icon-list-items\">\n\t\t\t\t\t\t\t<li class=\"elementor-icon-list-item\">\n\t\t\t\t\t\t\t\t\t\t\t<span class=\"elementor-icon-list-icon\">\n\t\t\t\t\t\t\t<svg aria-hidden=\"true\" class=\"e-font-icon-svg e-fas-wine-glass\" viewbox=\"0 0 288 512\" xmlns=\"http:\/\/www.w3.org\/2000\/svg\"><path d=\"M216 464h-40V346.81c68.47-15.89 118.05-79.91 111.4-154.16l-15.95-178.1C270.71 6.31 263.9 0 255.74 0H32.26c-8.15 0-14.97 6.31-15.7 14.55L.6 192.66C-6.05 266.91 43.53 330.93 112 346.82V464H72c-22.09 0-40 17.91-40 40 0 4.42 3.58 8 8 8h208c4.42 0 8-3.58 8-8 0-22.09-17.91-40-40-40z\"><\/path><\/svg>\t\t\t\t\t\t<\/span>\n\t\t\t\t\t\t\t\t\t\t<span class=\"elementor-icon-list-text\"><br><b>Finca de La Consol<\/b><\/br>Dieser zertifizierte Bio-Bauernhof in Sant Sadurn\u00ed d&#039;Anoia ist der Geburtsort unseres nat\u00fcrlichen Weins, ohne Zusatzstoffe und mit der reinen Essenz des Territoriums. Hier kommt der nat\u00fcrliche und uralte Wein her.<\/span>\n\t\t\t\t\t\t\t\t\t<\/li>\n\t\t\t\t\t\t\t\t<li class=\"elementor-icon-list-item\">\n\t\t\t\t\t\t\t\t\t\t\t<span class=\"elementor-icon-list-icon\">\n\t\t\t\t\t\t\t<svg aria-hidden=\"true\" class=\"e-font-icon-svg e-fas-wine-glass\" viewbox=\"0 0 288 512\" xmlns=\"http:\/\/www.w3.org\/2000\/svg\"><path d=\"M216 464h-40V346.81c68.47-15.89 118.05-79.91 111.4-154.16l-15.95-178.1C270.71 6.31 263.9 0 255.74 0H32.26c-8.15 0-14.97 6.31-15.7 14.55L.6 192.66C-6.05 266.91 43.53 330.93 112 346.82V464H72c-22.09 0-40 17.91-40 40 0 4.42 3.58 8 8 8h208c4.42 0 8-3.58 8-8 0-22.09-17.91-40-40-40z\"><\/path><\/svg>\t\t\t\t\t\t<\/span>\n\t\t\t\t\t\t\t\t\t\t<span class=\"elementor-icon-list-text\"><b><br>Finca el Cau de les Heures:<\/b><\/br> Ein Ort mit Geschichte, fr\u00fcher im Besitz der Familie der Dichterin Joana Raspall. Hier entsteht ein Wein, der Tradition und Natur respektiert.<\/span>\n\t\t\t\t\t\t\t\t\t<\/li>\n\t\t\t\t\t\t\t\t<li class=\"elementor-icon-list-item\">\n\t\t\t\t\t\t\t\t\t\t\t<span class=\"elementor-icon-list-icon\">\n\t\t\t\t\t\t\t<svg aria-hidden=\"true\" class=\"e-font-icon-svg e-fas-wine-glass\" viewbox=\"0 0 288 512\" xmlns=\"http:\/\/www.w3.org\/2000\/svg\"><path d=\"M216 464h-40V346.81c68.47-15.89 118.05-79.91 111.4-154.16l-15.95-178.1C270.71 6.31 263.9 0 255.74 0H32.26c-8.15 0-14.97 6.31-15.7 14.55L.6 192.66C-6.05 266.91 43.53 330.93 112 346.82V464H72c-22.09 0-40 17.91-40 40 0 4.42 3.58 8 8 8h208c4.42 0 8-3.58 8-8 0-22.09-17.91-40-40-40z\"><\/path><\/svg>\t\t\t\t\t\t<\/span>\n\t\t\t\t\t\t\t\t\t\t<span class=\"elementor-icon-list-text\"><b><br>Finca del Marmolar:<\/b><\/br> Dieses in Mar\u00e7\u00e0 im Priorat gelegene Weingut mit Saul\u00f3n-Land bietet eine vielversprechende Zukunft f\u00fcr die Herstellung neuer Bio-Weine.<\/span>\n\t\t\t\t\t\t\t\t\t<\/li>\n\t\t\t\t\t\t<\/ul>\n\t\t\t\t\t\t<\/div>\n\t\t\t\t<\/div>\n\t\t\t\t<\/div>\n\t\t<div class=\"elementor-element elementor-element-6cda973 e-con-full e-flex e-con e-child\" data-id=\"6cda973\" data-element_type=\"container\" data-e-type=\"container\" data-settings=\"{&quot;jet_parallax_layout_list&quot;:[]}\">\n\t\t\t\t<div class=\"elementor-element elementor-element-10e305c elementor-widget elementor-widget-image\" data-id=\"10e305c\" data-element_type=\"widget\" data-e-type=\"widget\" data-widget_type=\"image.default\">\n\t\t\t\t<div class=\"elementor-widget-container\">\n\t\t\t\t\t\t\t\t\t\t\t\t\t\t\t<img fetchpriority=\"high\" decoding=\"async\" width=\"550\" height=\"550\" src=\"https:\/\/cavagiro.com\/wp-content\/uploads\/2024\/11\/VINYES-Cava-Jaume-Giro-i-Giro.png\" class=\"attachment-full size-full wp-image-2608\" alt=\"\" srcset=\"https:\/\/cavagiro.com\/wp-content\/uploads\/2024\/11\/VINYES-Cava-Jaume-Giro-i-Giro.png 550w, https:\/\/cavagiro.com\/wp-content\/uploads\/2024\/11\/VINYES-Cava-Jaume-Giro-i-Giro-300x300.png 300w, https:\/\/cavagiro.com\/wp-content\/uploads\/2024\/11\/VINYES-Cava-Jaume-Giro-i-Giro-150x150.png 150w, https:\/\/cavagiro.com\/wp-content\/uploads\/2024\/11\/VINYES-Cava-Jaume-Giro-i-Giro-12x12.png 12w, https:\/\/cavagiro.com\/wp-content\/uploads\/2024\/11\/VINYES-Cava-Jaume-Giro-i-Giro-100x100.png 100w\" sizes=\"(max-width: 550px) 100vw, 550px\" title=\"\">\t\t\t\t\t\t\t\t\t\t\t\t\t\t\t<\/div>\n\t\t\t\t<\/div>\n\t\t\t\t<\/div>\n\t\t\t\t<\/div>\n\t\t\t\t<\/div>\n\t\t\t\t\t<\/div>\n\t\t\t\t<\/div>\n\t\t\t\t<section class=\"elementor-section elementor-top-section elementor-element elementor-element-z2jyi0m elementor-section-content-middle elementor-section-boxed elementor-section-height-default elementor-section-height-default elementor-invisible\" data-id=\"z2jyi0m\" data-element_type=\"section\" data-e-type=\"section\" data-settings=\"{&quot;background_background&quot;:&quot;classic&quot;,&quot;animation&quot;:&quot;fadeInUp&quot;,&quot;jet_parallax_layout_list&quot;:[]}\">\n\t\t\t\t\t\t\t<div class=\"elementor-background-overlay\"><\/div>\n\t\t\t\t\t\t\t<div class=\"elementor-container elementor-column-gap-wide\">\n\t\t\t\t\t<div class=\"elementor-column elementor-col-33 elementor-top-column elementor-element elementor-element-b262852\" data-id=\"b262852\" data-element_type=\"column\" data-e-type=\"column\">\n\t\t\t<div class=\"elementor-widget-wrap elementor-element-populated\">\n\t\t\t\t\t\t<div class=\"elementor-element elementor-element-34933a9 elementor-widget elementor-widget-image\" data-id=\"34933a9\" data-element_type=\"widget\" data-e-type=\"widget\" data-widget_type=\"image.default\">\n\t\t\t\t<div class=\"elementor-widget-container\">\n\t\t\t\t\t\t\t\t\t\t\t\t\t\t\t<img decoding=\"async\" width=\"480\" height=\"620\" src=\"https:\/\/cavagiro.com\/wp-content\/uploads\/2024\/11\/Finca-de-La-Consol.jpg\" class=\"attachment-large size-large wp-image-2200\" alt=\"\" srcset=\"https:\/\/cavagiro.com\/wp-content\/uploads\/2024\/11\/Finca-de-La-Consol.jpg 480w, https:\/\/cavagiro.com\/wp-content\/uploads\/2024\/11\/Finca-de-La-Consol-232x300.jpg 232w, https:\/\/cavagiro.com\/wp-content\/uploads\/2024\/11\/Finca-de-La-Consol-9x12.jpg 9w, https:\/\/cavagiro.com\/wp-content\/uploads\/2024\/11\/Finca-de-La-Consol-300x388.jpg 300w\" sizes=\"(max-width: 480px) 100vw, 480px\" title=\"\">\t\t\t\t\t\t\t\t\t\t\t\t\t\t\t<\/div>\n\t\t\t\t<\/div>\n\t\t\t\t<div class=\"elementor-element elementor-element-7dff79f elementor-widget elementor-widget-heading\" data-id=\"7dff79f\" data-element_type=\"widget\" data-e-type=\"widget\" data-widget_type=\"heading.default\">\n\t\t\t\t<div class=\"elementor-widget-container\">\n\t\t\t\t\t<h3 class=\"elementor-heading-title elementor-size-default\">Finca de La Consol<\/h3>\t\t\t\t<\/div>\n\t\t\t\t<\/div>\n\t\t\t\t<div class=\"elementor-element elementor-element-13630cb elementor-widget elementor-widget-text-editor\" data-id=\"13630cb\" data-element_type=\"widget\" data-e-type=\"widget\" data-widget_type=\"text-editor.default\">\n\t\t\t\t<div class=\"elementor-widget-container\">\n\t\t\t\t\t\t\t\t\t<div class=\"uk-first-column\"><div class=\"el-item uk-margin-auto uk-width-large uk-card uk-card-default uk-card-small\"><div class=\"uk-card-body uk-margin-remove-first-child\"><div class=\"el-content uk-panel uk-margin-small-top\"><p>Als Ramon Gir\u00f3 klein war, ging er sonntags mit einem Freund zur Messe, und sie machten Unfug, indem sie dem Priester beispielsweise Muskateller abnahmen. Der Name der Mutter dieser Freundin ist Consol, und sie war die fr\u00fchere Besitzerin der jetzigen Farm, die wir ihr zu Ehren Consol genannt haben. Von dort stammt der einzige Naturwein des Hauses, ohne Zusatzstoffe.<\/p><\/div><\/div><\/div><\/div>\t\t\t\t\t\t\t\t<\/div>\n\t\t\t\t<\/div>\n\t\t\t\t\t<\/div>\n\t\t<\/div>\n\t\t\t\t<div class=\"elementor-column elementor-col-33 elementor-top-column elementor-element elementor-element-51c3c3b\" data-id=\"51c3c3b\" data-element_type=\"column\" data-e-type=\"column\">\n\t\t\t<div class=\"elementor-widget-wrap elementor-element-populated\">\n\t\t\t\t\t\t<div class=\"elementor-element elementor-element-b8ec32e elementor-widget elementor-widget-image\" data-id=\"b8ec32e\" data-element_type=\"widget\" data-e-type=\"widget\" data-widget_type=\"image.default\">\n\t\t\t\t<div class=\"elementor-widget-container\">\n\t\t\t\t\t\t\t\t\t\t\t\t\t\t\t<img decoding=\"async\" width=\"480\" height=\"620\" src=\"https:\/\/cavagiro.com\/wp-content\/uploads\/2024\/11\/Finca-el-Cau-de-les-Heures.jpg\" class=\"attachment-large size-large wp-image-2202\" alt=\"\" srcset=\"https:\/\/cavagiro.com\/wp-content\/uploads\/2024\/11\/Finca-el-Cau-de-les-Heures.jpg 480w, https:\/\/cavagiro.com\/wp-content\/uploads\/2024\/11\/Finca-el-Cau-de-les-Heures-232x300.jpg 232w, https:\/\/cavagiro.com\/wp-content\/uploads\/2024\/11\/Finca-el-Cau-de-les-Heures-9x12.jpg 9w, https:\/\/cavagiro.com\/wp-content\/uploads\/2024\/11\/Finca-el-Cau-de-les-Heures-300x388.jpg 300w\" sizes=\"(max-width: 480px) 100vw, 480px\" title=\"\">\t\t\t\t\t\t\t\t\t\t\t\t\t\t\t<\/div>\n\t\t\t\t<\/div>\n\t\t\t\t<div class=\"elementor-element elementor-element-70aca73 elementor-widget elementor-widget-heading\" data-id=\"70aca73\" data-element_type=\"widget\" data-e-type=\"widget\" data-widget_type=\"heading.default\">\n\t\t\t\t<div class=\"elementor-widget-container\">\n\t\t\t\t\t<h3 class=\"elementor-heading-title elementor-size-default\">Finca el Cau de les Heures\n<\/h3>\t\t\t\t<\/div>\n\t\t\t\t<\/div>\n\t\t\t\t<div class=\"elementor-element elementor-element-a59126d elementor-widget elementor-widget-text-editor\" data-id=\"a59126d\" data-element_type=\"widget\" data-e-type=\"widget\" data-widget_type=\"text-editor.default\">\n\t\t\t\t<div class=\"elementor-widget-container\">\n\t\t\t\t\t\t\t\t\t<div><div class=\"el-item uk-margin-auto uk-width-large uk-card uk-card-default uk-card-small\"><div class=\"uk-card-body uk-margin-remove-first-child\"><div class=\"el-content uk-panel uk-margin-small-top\"><p><span lang=\"CA\">Dieses Anwesen wurde von der Tochter der Dichterin Joana Raspall gekauft. Die Schriftstellerin Joana Raspall hat ein heute vergriffenes Buch mit dem Titel \u201eEl Cau de les Heures\u201c geschrieben, in dem sie die Wechself\u00e4lle der Bauern erkl\u00e4rt, die mit dem Karren die Trauben vom Weinberg zum Herrenhaus trugen. Es bezieht sich genau auf diesen Wasserfall und diesen Balsam.<\/span><\/p><\/div><\/div><\/div><\/div><div><div class=\"el-item uk-margin-auto uk-width-large uk-card uk-card-default uk-card-small\">\u00a0<\/div><\/div>\t\t\t\t\t\t\t\t<\/div>\n\t\t\t\t<\/div>\n\t\t\t\t\t<\/div>\n\t\t<\/div>\n\t\t\t\t<div class=\"elementor-column elementor-col-33 elementor-top-column elementor-element elementor-element-117cf56\" data-id=\"117cf56\" data-element_type=\"column\" data-e-type=\"column\">\n\t\t\t<div class=\"elementor-widget-wrap elementor-element-populated\">\n\t\t\t\t\t\t<div class=\"elementor-element elementor-element-3331fc4 elementor-widget elementor-widget-image\" data-id=\"3331fc4\" data-element_type=\"widget\" data-e-type=\"widget\" data-widget_type=\"image.default\">\n\t\t\t\t<div class=\"elementor-widget-container\">\n\t\t\t\t\t\t\t\t\t\t\t\t\t\t\t<img loading=\"lazy\" decoding=\"async\" width=\"480\" height=\"620\" src=\"https:\/\/cavagiro.com\/wp-content\/uploads\/2024\/11\/Finca-del-Marmolar.jpg\" class=\"attachment-large size-large wp-image-2201\" alt=\"\" srcset=\"https:\/\/cavagiro.com\/wp-content\/uploads\/2024\/11\/Finca-del-Marmolar.jpg 480w, https:\/\/cavagiro.com\/wp-content\/uploads\/2024\/11\/Finca-del-Marmolar-232x300.jpg 232w, https:\/\/cavagiro.com\/wp-content\/uploads\/2024\/11\/Finca-del-Marmolar-9x12.jpg 9w, https:\/\/cavagiro.com\/wp-content\/uploads\/2024\/11\/Finca-del-Marmolar-300x388.jpg 300w\" sizes=\"(max-width: 480px) 100vw, 480px\" title=\"\">\t\t\t\t\t\t\t\t\t\t\t\t\t\t\t<\/div>\n\t\t\t\t<\/div>\n\t\t\t\t<div class=\"elementor-element elementor-element-714c26a elementor-widget elementor-widget-heading\" data-id=\"714c26a\" data-element_type=\"widget\" data-e-type=\"widget\" data-widget_type=\"heading.default\">\n\t\t\t\t<div class=\"elementor-widget-container\">\n\t\t\t\t\t<h3 class=\"elementor-heading-title elementor-size-default\">Finca del Marmolar\n<\/h3>\t\t\t\t<\/div>\n\t\t\t\t<\/div>\n\t\t\t\t<div class=\"elementor-element elementor-element-80d81d8 elementor-widget elementor-widget-text-editor\" data-id=\"80d81d8\" data-element_type=\"widget\" data-e-type=\"widget\" data-widget_type=\"text-editor.default\">\n\t\t\t\t<div class=\"elementor-widget-container\">\n\t\t\t\t\t\t\t\t\t<main id=\"tm-main\"><div class=\"uk-section-default uk-section uk-section-large uk-padding-remove-top uk-flex uk-flex-middle\"><div class=\"uk-width-1-1\"><div class=\"uk-grid-margin uk-container uk-container-large\"><div class=\"uk-grid tm-grid-expand uk-child-width-1-1\"><div class=\"uk-width-1-1@m\"><div class=\"uk-margin-large\"><div class=\"uk-grid uk-child-width-1-1 uk-child-width-1-3@s uk-grid-column-large uk-grid-match\"><div><div class=\"el-item uk-margin-auto uk-width-large uk-card uk-card-default uk-card-small\"><div class=\"uk-card-body uk-margin-remove-first-child\"><div class=\"el-content uk-panel uk-margin-small-top\"><p>Es handelt sich um einen Bauernhof in Form eines Sattels mit 3 Terrassen auf jeder Seite, der zwischen Schluchten liegt, in denen B\u00e4che aus Saul\u00f3n-Erde entspringen, wo wir eine kleine H\u00fctte f\u00fcr die Werkzeuge und ein Wasserbecken haben.<\/p><\/div><\/div><\/div><\/div><\/div><\/div><\/div><\/div><\/div><\/div><\/div><\/main><footer><div class=\"uk-section-primary uk-section-overlap uk-preserve-color uk-section uk-section-small\"><div class=\"uk-container\"><div class=\"uk-grid tm-grid-expand uk-margin uk-margin-remove-top\"><div class=\"uk-width-1-3@m uk-first-column\">\u00a0<\/div><\/div><\/div><\/div><\/footer>\t\t\t\t\t\t\t\t<\/div>\n\t\t\t\t<\/div>\n\t\t\t\t\t<\/div>\n\t\t<\/div>\n\t\t\t\t\t<\/div>\n\t\t<\/section>\n\t\t\t\t<\/div>","protected":false},"excerpt":{"rendered":"<p>M\u00e9s de 100 anys d&#8217;hist\u00f2ria Tradici\u00f3, comprom\u00eds i excel\u00b7l\u00e8ncia Arrelats a la tradici\u00f3 i al comprom\u00eds, les Caves Jaume Gir\u00f3 i Gir\u00f3 s\u00f3n hereves d&#8217;una hist\u00f2ria que es remunta a mitjans del segle XIX. Fundades oficialment per Ramon Gir\u00f3 i Mata l&#8217;any 1926, al cor de Sant Sadurn\u00ed d&#8217;Anoia, les caves s\u00f3n un reflex d&#8217;un [&hellip;]<\/p>\n","protected":false},"author":1,"featured_media":0,"parent":0,"menu_order":11,"comment_status":"closed","ping_status":"closed","template":"","meta":{"site-sidebar-layout":"no-sidebar","site-content-layout":"page-builder","ast-site-content-layout":"full-width-container","site-content-style":"default","site-sidebar-style":"default","ast-global-header-display":"","ast-banner-title-visibility":"","ast-main-header-display":"","ast-hfb-above-header-display":"","ast-hfb-below-header-display":"","ast-hfb-mobile-header-display":"","site-post-title":"disabled","ast-breadcrumbs-content":"","ast-featured-img":"disabled","footer-sml-layout":"","ast-disable-related-posts":"","theme-transparent-header-meta":"","adv-header-id-meta":"","stick-header-meta":"","header-above-stick-meta":"","header-main-stick-meta":"","header-below-stick-meta":"","astra-migrate-meta-layouts":"set","ast-page-background-enabled":"default","ast-page-background-meta":{"desktop":{"background-color":"var(--ast-global-color-4)","background-image":"","background-repeat":"repeat","background-position":"center center","background-size":"auto","background-attachment":"scroll","background-type":"","background-media":"","overlay-type":"","overlay-color":"","overlay-opacity":"","overlay-gradient":""},"tablet":{"background-color":"","background-image":"","background-repeat":"repeat","background-position":"center center","background-size":"auto","background-attachment":"scroll","background-type":"","background-media":"","overlay-type":"","overlay-color":"","overlay-opacity":"","overlay-gradient":""},"mobile":{"background-color":"","background-image":"","background-repeat":"repeat","background-position":"center center","background-size":"auto","background-attachment":"scroll","background-type":"","background-media":"","overlay-type":"","overlay-color":"","overlay-opacity":"","overlay-gradient":""}},"ast-content-background-meta":{"desktop":{"background-color":"var(--ast-global-color-5)","background-image":"","background-repeat":"repeat","background-position":"center center","background-size":"auto","background-attachment":"scroll","background-type":"","background-media":"","overlay-type":"","overlay-color":"","overlay-opacity":"","overlay-gradient":""},"tablet":{"background-color":"var(--ast-global-color-5)","background-image":"","background-repeat":"repeat","background-position":"center center","background-size":"auto","background-attachment":"scroll","background-type":"","background-media":"","overlay-type":"","overlay-color":"","overlay-opacity":"","overlay-gradient":""},"mobile":{"background-color":"var(--ast-global-color-5)","background-image":"","background-repeat":"repeat","background-position":"center center","background-size":"auto","background-attachment":"scroll","background-type":"","background-media":"","overlay-type":"","overlay-color":"","overlay-opacity":"","overlay-gradient":""}},"footnotes":""},"class_list":["post-2143","page","type-page","status-publish","hentry"],"_links":{"self":[{"href":"https:\/\/cavagiro.com\/de\/wp-json\/wp\/v2\/pages\/2143","targetHints":{"allow":["GET"]}}],"collection":[{"href":"https:\/\/cavagiro.com\/de\/wp-json\/wp\/v2\/pages"}],"about":[{"href":"https:\/\/cavagiro.com\/de\/wp-json\/wp\/v2\/types\/page"}],"author":[{"embeddable":true,"href":"https:\/\/cavagiro.com\/de\/wp-json\/wp\/v2\/users\/1"}],"replies":[{"embeddable":true,"href":"https:\/\/cavagiro.com\/de\/wp-json\/wp\/v2\/comments?post=2143"}],"version-history":[{"count":18,"href":"https:\/\/cavagiro.com\/de\/wp-json\/wp\/v2\/pages\/2143\/revisions"}],"predecessor-version":[{"id":3176,"href":"https:\/\/cavagiro.com\/de\/wp-json\/wp\/v2\/pages\/2143\/revisions\/3176"}],"wp:attachment":[{"href":"https:\/\/cavagiro.com\/de\/wp-json\/wp\/v2\/media?parent=2143"}],"curies":[{"name":"wp","href":"https:\/\/api.w.org\/{rel}","templated":true}]}}